{"id":2016,"date":"2013-11-27T17:09:05","date_gmt":"2013-11-27T16:09:05","guid":{"rendered":"http:\/\/www.r9.cz\/?page_id=2016"},"modified":"2013-11-27T17:15:48","modified_gmt":"2013-11-27T16:15:48","slug":"stanovy-r9","status":"publish","type":"page","link":"https:\/\/www.r9.cz\/?page_id=2016","title":{"rendered":"Stanovy R9"},"content":{"rendered":"<p align=\"CENTER\"><span style=\"font-family: Arial, sans-serif;\"><span><span style=\"text-decoration: underline;\"><strong>Stanovy ob\u010dansk\u00e9ho sdru\u017een\u00ed FOTOKLUB R9<\/strong><\/span><\/span><\/span><\/p>\n<p align=\"CENTER\"><strong><span style=\"font-family: Arial, sans-serif;\">\u010cl. I<\/span><\/strong><\/p>\n<p align=\"CENTER\"><span style=\"font-family: Arial, sans-serif;\">N\u00e1zev<\/span><\/p>\n<p>\u00a0Ob\u010dansk\u00e9 sdru\u017een\u00ed (d\u00e1le klub) se naz\u00fdv\u00e1 pln\u00fdm n\u00e1zvem \u201eFotoklub R9\u201c.<\/p>\n<p>&nbsp;<\/p>\n<p style=\"text-align: center;\"><strong>\u00a0\u010cl. II<\/strong><\/p>\n<p align=\"CENTER\"><span style=\"font-family: Arial, sans-serif;\">S\u00eddlo <\/span><\/p>\n<p>\u00a0S\u00eddlem klubu je Ro\u017enov pod Radho\u0161t\u011bm, Doln\u00ed Paseky 2297, PS\u010c 756 61<\/p>\n<p>&nbsp;<\/p>\n<p align=\"CENTER\">\n<p style=\"text-align: center;\"><strong>\u010cl. III<\/strong><\/p>\n<p align=\"CENTER\"><span style=\"font-family: Arial, sans-serif;\">P\u0159edm\u011bt a c\u00edl<\/span><\/p>\n<p>&nbsp;<\/p>\n<p align=\"JUSTIFY\"><span style=\"font-family: Arial, sans-serif;\">Klub je dobrovoln\u00e9 z\u00e1jmov\u00e9 sdru\u017een\u00ed, kter\u00e9 sdru\u017euje amat\u00e9rsk\u00e9 fotografy. Klub je dobrovoln\u00fdm samospr\u00e1vn\u00fdm sdru\u017een\u00edm ob\u010dan\u016f, za \u00fa\u010delem uspokojov\u00e1n\u00ed jejich z\u00e1jm\u016f v\u00a0oblasti fotografick\u00e9 tvorby a jej\u00ed odv\u011btv\u00ed.<\/span><\/p>\n<p><span style=\"font-family: Arial, sans-serif;\">C\u00edlem klubu je:<\/span><\/p>\n<p><span style=\"font-family: Arial, sans-serif;\">&#8211; rozvoj znalost\u00ed, <\/span><\/p>\n<p><span style=\"font-family: Arial, sans-serif;\">&#8211; v\u00fdm\u011bna zku\u0161enost\u00ed, <\/span><\/p>\n<p><span style=\"font-family: Arial, sans-serif;\">&#8211; propagace fotografick\u00e9 tvorby,<\/span><\/p>\n<p><span style=\"font-family: Arial, sans-serif;\">&#8211; presentace fotografick\u00e9 tvorby <\/span><\/p>\n<p>&nbsp;<\/p>\n<p style=\"text-align: center;\"><strong>\u00a0\u010cl. IV<\/strong><\/p>\n<p align=\"CENTER\"><span style=\"font-family: Arial, sans-serif;\">Z\u00e1nik klubu<\/span><\/p>\n<p align=\"JUSTIFY\"><span style=\"font-family: Arial, sans-serif;\">Klub zanik\u00e1 rozhodnut\u00edm \u010dty\u0159p\u011btinov\u00e9 v\u011bt\u0161iny valn\u00e9 hromady. Toto rozhodnut\u00ed mus\u00ed b\u00fdt u\u010din\u011bno p\u00edsemnou formou a dolo\u017eeno podpisy v\u0161ech \u010dlen\u016f. <\/span><\/p>\n<p align=\"JUSTIFY\"><span style=\"font-family: Arial, sans-serif;\">Po z\u00e1niku klubu nikdo z \u010dlen\u016f nesm\u00ed pou\u017e\u00edvat n\u00e1zev klubu dle \u010dl.I .<\/span><\/p>\n<p align=\"CENTER\"><strong><span style=\"font-family: Arial, sans-serif;\">\u010cl. V<\/span><\/strong><\/p>\n<p align=\"CENTER\"><span style=\"font-family: Arial, sans-serif;\">\u010clenstv\u00ed<\/span><\/p>\n<ol>\n<li>\n<p align=\"JUSTIFY\"><span style=\"font-family: Arial, sans-serif;\">\u010clenstv\u00ed v klubu je dobrovoln\u00fdm projevem svobodn\u00e9 v\u016fle.<\/span><\/p>\n<\/li>\n<li>\n<p align=\"JUSTIFY\"><span style=\"font-family: Arial, sans-serif;\">\u010clenstv\u00ed v klubu je voln\u00e9. <\/span><\/p>\n<\/li>\n<li>\n<p align=\"JUSTIFY\"><span style=\"font-family: Arial, sans-serif;\">Na \u010dlenstv\u00ed v klubu nevznik\u00e1 pr\u00e1vn\u00ed n\u00e1rok.<\/span><\/p>\n<\/li>\n<li>\n<p align=\"JUSTIFY\"><span style=\"font-family: Arial, sans-serif;\">\u010clenem klubu m\u016f\u017ee b\u00fdt ka\u017ed\u00fd, kdo o to projev\u00ed z\u00e1jem, souhlas\u00ed se stanovami tohoto klubu, co\u017e stvrd\u00ed sv\u00fdm podpisem pod stanovami, a pln\u00ed \u0159\u00e1dn\u011b a v\u010das povinnosti \u010dlena klubu.<\/span><\/p>\n<\/li>\n<li>\n<p align=\"JUSTIFY\"><span style=\"font-family: Arial, sans-serif;\">Na z\u00e1klad\u011b tohoto podpisu a spln\u011bn\u00ed ostatn\u00edch povinnost\u00ed \u010dlena klubu je tento zaregistrov\u00e1n administr\u00e1torem klubu do centr\u00e1ln\u00ed evidence \u010dlen\u016f.<\/span><\/p>\n<\/li>\n<li>\n<p align=\"JUSTIFY\"><span style=\"font-family: Arial, sans-serif;\">\u010clenstv\u00ed v klubu zanik\u00e1:<\/span><\/p>\n<\/li>\n<\/ol>\n<p align=\"JUSTIFY\"><span style=\"font-family: Arial, sans-serif;\">&#8211; svobodn\u00fdm rozhodnut\u00edm \u010dlena,<\/span><\/p>\n<p align=\"JUSTIFY\"><span style=\"font-family: Arial, sans-serif;\">&#8211; \u00famrt\u00edm \u010dlena,<\/span><\/p>\n<p align=\"JUSTIFY\"><span style=\"font-family: Arial, sans-serif;\">&#8211; z nez\u00e1jmu o d\u011bn\u00ed v klubu, kter\u00fd trv\u00e1 v\u00edce ne\u017e jeden rok,<\/span><\/p>\n<p align=\"JUSTIFY\"><span style=\"font-family: Arial, sans-serif;\">&#8211; na z\u00e1klad\u011b z\u00e1sadn\u00edho poru\u0161en\u00ed t\u011bchto stanov, po\u0161kozen\u00ed jm\u00e9na klubu a obecn\u00fdch zvyklost\u00ed, a to na z\u00e1klad\u011b rozhodnut\u00ed nadpolovi\u010dn\u00ed v\u011bt\u0161iny valn\u00e9 hromady<\/span><\/p>\n<p align=\"CENTER\"><strong><span style=\"font-family: Arial, sans-serif;\">\u010cl. VI<\/span><\/strong><\/p>\n<p align=\"CENTER\"><span style=\"font-family: Arial, sans-serif;\">Povinnosti \u010dlen\u016f klubu<\/span><\/p>\n<ol>\n<li><span style=\"font-family: Arial, sans-serif;\">Pod\u00edlet se na popularizaci a propagaci klubu. <\/span><\/li>\n<li><span style=\"font-family: Arial, sans-serif;\">Minim\u00e1ln\u011b dvakr\u00e1t ro\u010dn\u011b se \u00fa\u010dastnit klubov\u00e9 \u010dinnosti.<\/span><\/li>\n<li><span style=\"font-family: Arial, sans-serif;\">Zach\u00e1zet \u0159\u00e1dn\u011b a zodpov\u011bdn\u011b s majetkem klubu.<\/span><\/li>\n<li>\n<p align=\"JUSTIFY\"><span style=\"font-family: Arial, sans-serif;\">P\u0159\u00edstup ke spole\u010dn\u00e9mu majetku m\u016f\u017ee b\u00fdt v od\u016fvodn\u011bn\u00e9m p\u0159\u00edpad\u011b omezen rozhodnut\u00edm nadpolovi\u010dn\u00ed v\u011bt\u0161iny valn\u00e9 hromady klubu.<\/span><\/p>\n<\/li>\n<li>\n<p align=\"JUSTIFY\"><span style=\"font-family: Arial, sans-serif;\">Dodr\u017eovat stanovy klubu, usnesen\u00ed a rozhodnut\u00ed valn\u00e9 hromady klubu podle stanov klubu.<\/span><\/p>\n<\/li>\n<\/ol>\n<p>&nbsp;<\/p>\n<p align=\"CENTER\"><strong><span style=\"font-family: Arial, sans-serif;\">\u010cl. VII<\/span><\/strong><\/p>\n<p align=\"CENTER\"><span style=\"font-family: Arial, sans-serif;\">Pr\u00e1va \u010dlen\u016f klubu<\/span><\/p>\n<ol>\n<li><span style=\"font-family: Arial, sans-serif;\">\u010clen klubu m\u00e1 pr\u00e1vo kdykoliv zn\u00e1t stav hospoda\u0159en\u00ed klubu.<\/span><\/li>\n<li><span style=\"font-family: Arial, sans-serif;\">V\u0161ichni \u010dlenov\u00e9 klubu maj\u00ed rovnocenn\u00fd p\u0159\u00edstup ke spole\u010dn\u00e9mu majetku klubu.<\/span><\/li>\n<li><span style=\"font-family: Arial, sans-serif;\">V\u0161ichni \u010dlenov\u00e9 klubu jsou si navz\u00e1jem rovni, a to jak ve sv\u00fdch pr\u00e1vech, tak i povinnostech.<\/span><\/li>\n<li>\n<p align=\"JUSTIFY\"><span style=\"font-family: Arial, sans-serif;\">\u010clen klubu m\u00e1 pr\u00e1vo prezentovat svou soukromou tvorbu i pod hlavi\u010dkou klubu, pokud m\u00e1 z\u00e1jem nebo pokud se mu neda\u0159\u00ed jinak.<\/span><\/p>\n<\/li>\n<\/ol>\n<p>&nbsp;<\/p>\n<p align=\"CENTER\"><strong><span style=\"font-family: Arial, sans-serif;\">\u010cl.VIII<\/span><\/strong><\/p>\n<p align=\"CENTER\"><span style=\"font-family: Arial, sans-serif;\">Aktivity klubu<\/span><\/p>\n<p><span style=\"font-family: Arial, sans-serif;\">Do aktivit klubu pat\u0159\u00ed zejm\u00e9na:<\/span><\/p>\n<p><span style=\"font-family: Arial, sans-serif;\">&#8211; komunikace <\/span><\/p>\n<p><span style=\"font-family: Arial, sans-serif;\">&#8211; konfrontace<\/span><\/p>\n<p><span style=\"font-family: Arial, sans-serif;\"> &#8211; konzultace<\/span><\/p>\n<p><span style=\"font-family: Arial, sans-serif;\"> &#8211; pravideln\u00e1 spole\u010dn\u00e1 setk\u00e1n\u00ed<\/span><\/p>\n<p><span style=\"font-family: Arial, sans-serif;\"> &#8211; poradenstv\u00ed<\/span><\/p>\n<ul>\n<li><span style=\"font-family: Arial, sans-serif;\">po\u0159\u00e1d\u00e1n\u00ed v\u00fdstav<\/span><\/li>\n<li><span style=\"font-family: Arial, sans-serif;\">nez\u00e1visl\u00e1 dokumentace aktu\u00e1ln\u00edho d\u011bn\u00ed v\u00a0regionu<\/span><\/li>\n<li><span style=\"font-family: Arial, sans-serif;\">spolupr\u00e1ce s\u00a0ostatn\u00edmi organizacemi na Ro\u017enovsku to jsem doplnil<\/span><\/li>\n<\/ul>\n<p><span style=\"font-family: Arial, sans-serif;\"> &#8211; po\u0159\u00e1d\u00e1n\u00ed fotografick\u00fdch d\u00edlen, exkurz\u00ed, v\u00fdlet\u016f (&#8222;workshop&#8220;)<\/span><\/p>\n<p><span style=\"font-family: Arial, sans-serif;\"> &#8211; propagace tv\u016fr\u010d\u00ed fotografie<\/span><\/p>\n<p><span style=\"font-family: Arial, sans-serif;\"> &#8211; propagace vlastn\u00ed \u010dinnosti a \u010dinnosti sv\u00fdch \u010dlen\u016f v r\u00e1mci p\u016fsobnosti klubu<\/span><\/p>\n<p align=\"CENTER\"><strong><span style=\"font-family: Arial, sans-serif;\">\u010cl. IX<\/span><\/strong><\/p>\n<p align=\"CENTER\"><span style=\"font-family: Arial, sans-serif;\">Struktura ob\u010dansk\u00e9ho sdru\u017een\u00ed \u201eFotoklub R9\u201c<\/span><\/p>\n<ol>\n<li><span style=\"font-family: Arial, sans-serif;\">Centr\u00e1ln\u00edm org\u00e1nem klubu je jeho <\/span><span style=\"font-family: Arial, sans-serif;\"><span style=\"text-decoration: underline;\">valn\u00e1 hromada<\/span><\/span><span style=\"font-family: Arial, sans-serif;\">.<\/span><\/li>\n<li><span style=\"font-family: Arial, sans-serif;\">K zaji\u0161t\u011bn\u00ed chodu klubu jsou voleni \u010dinovn\u00edci:<\/span><\/li>\n<\/ol>\n<p><span style=\"font-family: Arial, sans-serif;\">Klub m\u00e1 jednoho p\u0159edsedu,<\/span><\/p>\n<p><span style=\"font-family: Arial, sans-serif;\">Klub d\u00e1le m\u00e1 jednoho m\u00edstop\u0159edsedu,<\/span><\/p>\n<p><span style=\"font-family: Arial, sans-serif;\">Klub m\u00e1 jednoho spr\u00e1vce financ\u00ed &#8211; pokladn\u00edka,<\/span><\/p>\n<ol start=\"3\">\n<li>\n<p align=\"JUSTIFY\"><span style=\"font-family: Arial, sans-serif;\">N\u00e1pln\u00ed \u010dinnosti volen\u00fdch p\u0159edstavitel\u016f je zejm\u00e9na zaji\u0161t\u011bn\u00ed chodu klubu v n\u00e1vaznosti na pln\u011bn\u00ed zadan\u00fdch \u00fakol\u016f, a to zejm\u00e9na \u00fakol\u016f spojen\u00fdch s dlouhodobou viz\u00ed.<\/span><\/p>\n<\/li>\n<li><span style=\"font-family: Arial, sans-serif;\">\u010cinovn\u00edci jsou voleni nadpolovi\u010dn\u00ed v\u011bt\u0161inou valn\u00e9 hromady.<\/span><\/li>\n<li><span style=\"font-family: Arial, sans-serif;\">Volebn\u00ed obdob\u00ed trv\u00e1 zpravidla jeden rok.<\/span><\/li>\n<li><span style=\"font-family: Arial, sans-serif;\">\u010cinovn\u00edci jsou odvolateln\u00ed t\u0159\u00edp\u011btinovou v\u011bt\u0161inou valn\u00e9 hromady.<\/span><\/li>\n<\/ol>\n<p>&nbsp;<\/p>\n<p style=\"text-align: center;\"><span style=\"font-family: Arial, sans-serif;\">9.1. P\u0159edseda<\/span><\/p>\n<p><span style=\"font-family: Arial, sans-serif;\">P\u0159edseda je statut\u00e1rn\u00edm org\u00e1nem klubu.<\/span><\/p>\n<p><span style=\"font-family: Arial, sans-serif;\">Je odpov\u011bdn\u00fd valn\u00e9 hromad\u011b za chod klubu. <\/span><\/p>\n<p><span style=\"font-family: Arial, sans-serif;\">Na z\u00e1v\u011br volebn\u00edho obdob\u00ed p\u0159edkl\u00e1d\u00e1 valn\u00e9 hromad\u011b zpr\u00e1vu o stavu klubu.<\/span><\/p>\n<p><span style=\"font-family: Arial, sans-serif;\">D\u00e1le: <\/span><\/p>\n<p><span style=\"font-family: Arial, sans-serif;\"> &#8211; je zodpov\u011bdn\u00fd za pravidelnou \u010dinnost klubu,<\/span><\/p>\n<p><span style=\"font-family: Arial, sans-serif;\"> &#8211; kontroluje spr\u00e1vu financ\u00ed,<\/span><\/p>\n<p><span style=\"font-family: Arial, sans-serif;\"> &#8211; organizuje kontakt s\u00a0tiskem, pokud nepov\u011b\u0159\u00ed jin\u00e9ho \u010dlena klubu<\/span><\/p>\n<p><span style=\"font-family: Arial, sans-serif;\"> &#8211; koordinuje \u010dinnost ostatn\u00edch \u010dlen\u016f klubu dle jejich n\u00e1vrh\u016f a podn\u011bt\u016f,<\/span><\/p>\n<p><span style=\"font-family: Arial, sans-serif;\"> &#8211; m\u00e1 pr\u00e1vo rozhodnout sporn\u00e9 ot\u00e1zky,<\/span><\/p>\n<p><span style=\"font-family: Arial, sans-serif;\"> &#8211; \u0159\u00edd\u00ed valnou hromadu<\/span><\/p>\n<p style=\"text-align: center;\"><span style=\"font-family: Arial, sans-serif;\"><br \/>\n9.2. M\u00edstop\u0159edseda<\/span><\/p>\n<p><span style=\"font-family: Arial, sans-serif;\">M\u00edstop\u0159edseda zastupuje p\u0159edsedu v jeho nep\u0159\u00edtomnosti<\/span><\/p>\n<p><span style=\"font-family: Arial, sans-serif;\">Je pravou rukou p\u0159edsedy.<\/span><\/p>\n<p><span style=\"font-family: Arial, sans-serif;\">Vede evidenci \u010dlensk\u00e9 z\u00e1kladny, vyhotovuje z\u00e1znamy z jedn\u00e1n\u00ed a valn\u00fdch hromad.<\/span><\/p>\n<p>&nbsp;<\/p>\n<p style=\"text-align: center;\"><span style=\"font-family: Arial, sans-serif;\">9.3. Pokladn\u00edk<\/span><\/p>\n<p><span style=\"font-family: Arial, sans-serif;\">Odpov\u00edd\u00e1 za spr\u00e1vn\u00e9 veden\u00ed evidence vklad\u016f a v\u00fddaj\u016f pen\u011b\u017eit\u00fdch i nepen\u011b\u017eit\u00fdch. <\/span><\/p>\n<p><span style=\"font-family: Arial, sans-serif;\">Jednou ro\u010dn\u011b p\u0159edkl\u00e1d\u00e1 valn\u00e9 hromad\u011b p\u0159ehled a v\u00fdsledky hospoda\u0159en\u00ed se spole\u010dn\u00fdm majetkem za p\u0159edchoz\u00ed rok.<\/span><\/p>\n<p><span style=\"font-family: Arial, sans-serif;\">Vede evidenci majetku klubu.<\/span><\/p>\n<p style=\"text-align: center;\"><span style=\"font-family: Arial, sans-serif;\">9.4. Nejvy\u0161\u0161\u00edm \u0159\u00edd\u00edc\u00edm org\u00e1nem klubu je valn\u00e1 hromada klubu.<\/span><\/p>\n<p align=\"JUSTIFY\"><span style=\"font-family: Arial, sans-serif;\">Valn\u00e9 hromady se konaj\u00ed v term\u00ednech \u0159\u00e1dn\u00fdch, stanoven\u00fdch v\u017edy na p\u0159edchoz\u00ed valn\u00e9 hromad\u011b, d\u00e1le v term\u00ednech v\u00fdro\u010dn\u00edch a v term\u00ednech mimo\u0159\u00e1dn\u00fdch. Mimo\u0159\u00e1dnou valnou hromadu m\u016f\u017eou svolat t\u0159i \u010dlenov\u00e9 klubu a to 14 dn\u016f p\u0159ed jej\u00edm kon\u00e1n\u00edm prokazateln\u00fdm zp\u016fsobem, s ud\u00e1n\u00edm d\u016fvodu.<\/span><\/p>\n<p align=\"JUSTIFY\"><span style=\"font-family: Arial, sans-serif;\">Valn\u00e1 hromada je schopn\u00e1 usn\u00e1\u0161en\u00ed je-li p\u0159\u00edtomno minim\u00e1ln\u011b 51% \u010dlen\u016f klubu. <\/span><\/p>\n<p align=\"JUSTIFY\"><span style=\"font-family: Arial, sans-serif;\">Valn\u00e1 hromada klubu rozhoduje zejm\u00e9na:<\/span><\/p>\n<p align=\"JUSTIFY\"><span style=\"font-family: Arial, sans-serif;\"> &#8211; o nab\u00fdv\u00e1n\u00ed a u\u017e\u00edv\u00e1n\u00ed spole\u010dn\u00e9ho majetku,<\/span><\/p>\n<p align=\"JUSTIFY\"><span style=\"font-family: Arial, sans-serif;\"> &#8211; o \u010dinnosti fotoklubu,<\/span><\/p>\n<p align=\"JUSTIFY\"><span style=\"font-family: Arial, sans-serif;\"> &#8211; vol\u00ed a odvol\u00e1v\u00e1 org\u00e1ny klubu,<\/span><\/p>\n<p>&nbsp;<\/p>\n<p align=\"CENTER\"><strong><span style=\"font-family: Arial, sans-serif;\">\u010cl. X<\/span><\/strong><\/p>\n<p align=\"CENTER\"><span style=\"font-family: Arial, sans-serif;\">Majetek klubu<\/span><\/p>\n<p><span style=\"font-family: Arial, sans-serif;\">a) Klub m\u016f\u017ee nab\u00fdvat spole\u010dn\u00fd majetek. Spole\u010dn\u00fdm majetkem jsou:<\/span><\/p>\n<p><span style=\"font-family: Arial, sans-serif;\"> &#8211; dary \u010dlen\u016f klubu finan\u010dn\u00ed i nefinan\u010dn\u00ed,<\/span><\/p>\n<p><span style=\"font-family: Arial, sans-serif;\"> &#8211; dary t\u0159et\u00edch osob,<\/span><\/p>\n<p>&nbsp;<\/p>\n<p><span style=\"font-family: Arial, sans-serif;\">b) Nabyt\u00ed spole\u010dn\u00e9ho majetku:<\/span><\/p>\n<p><span style=\"font-family: Arial, sans-serif;\"> &#8211; n\u00e1kupem ze spole\u010dn\u00fdch prost\u0159edk\u016f,<\/span><\/p>\n<p><span style=\"font-family: Arial, sans-serif;\"> &#8211; formou daru \u010di sponzorsk\u00e9ho p\u0159\u00edsp\u011bvku,<\/span><\/p>\n<p>&nbsp;<\/p>\n<p><span style=\"font-family: Arial, sans-serif;\">c) V p\u0159\u00edpad\u011b ukon\u010den\u00ed \u010dlenstv\u00ed \u010dlena klubu nebo rozpadu klubu bude:<\/span><\/p>\n<p><span style=\"font-family: Arial, sans-serif;\"> &#8211; spole\u010dn\u011b z\u00edskan\u00fd majetek spravedliv\u011b rozd\u011blen, <\/span><\/p>\n<p align=\"CENTER\"><strong><span style=\"font-family: Arial, sans-serif;\">\u010cl. XI<\/span><\/strong><\/p>\n<p align=\"CENTER\"><span style=\"font-family: Arial, sans-serif;\">Z\u00e1v\u011bre\u010dn\u00e1 ustanoven\u00ed<\/span><\/p>\n<p style=\"text-align: left;\" align=\"JUSTIFY\"><span style=\"font-family: Arial, sans-serif;\">Zn\u011bn\u00ed t\u011bchto stanov m\u016f\u017ee b\u00fdt zm\u011bn\u011bno rozhodnut\u00edm nadpolovi\u010dn\u00ed v\u011bt\u0161iny valn\u00e9 hromady klubu. Tyto stanovy nab\u00fdvaj\u00ed \u00fa\u010dinnosti dnem registrace.<\/p>\n<p><\/span><\/p>\n<p style=\"text-align: center;\" align=\"JUSTIFY\"><span style=\"font-family: Arial, sans-serif;\"><br \/>\n&#8230;\u00a0<\/span><\/p>\n","protected":false},"excerpt":{"rendered":"<p>Stanovy ob\u010dansk\u00e9ho sdru\u017een\u00ed FOTOKLUB R9 \u010cl. I N\u00e1zev \u00a0Ob\u010dansk\u00e9 sdru\u017een\u00ed (d\u00e1le klub) se naz\u00fdv\u00e1 pln\u00fdm n\u00e1zvem \u201eFotoklub R9\u201c. &nbsp; \u00a0\u010cl. II S\u00eddlo \u00a0S\u00eddlem klubu je Ro\u017enov pod Radho\u0161t\u011bm, Doln\u00ed Paseky 2297, PS\u010c 756 61 &nbsp; \u010cl. III P\u0159edm\u011bt a c\u00edl &hellip; <a href=\"https:\/\/www.r9.cz\/?page_id=2016\">Cel\u00fd p\u0159\u00edsp\u011bvek <span class=\"meta-nav\">&rarr;<\/span><\/a><\/p>\n","protected":false},"author":4,"featured_media":0,"parent":71,"menu_order":0,"comment_status":"open","ping_status":"open","template":"","meta":{"ngg_post_thumbnail":0,"footnotes":""},"_links":{"self":[{"href":"https:\/\/www.r9.cz\/index.php?rest_route=\/wp\/v2\/pages\/2016"}],"collection":[{"href":"https:\/\/www.r9.cz\/index.php?rest_route=\/wp\/v2\/pages"}],"about":[{"href":"https:\/\/www.r9.cz\/index.php?rest_route=\/wp\/v2\/types\/page"}],"author":[{"embeddable":true,"href":"https:\/\/www.r9.cz\/index.php?rest_route=\/wp\/v2\/users\/4"}],"replies":[{"embeddable":true,"href":"https:\/\/www.r9.cz\/index.php?rest_route=%2Fwp%2Fv2%2Fcomments&post=2016"}],"version-history":[{"count":5,"href":"https:\/\/www.r9.cz\/index.php?rest_route=\/wp\/v2\/pages\/2016\/revisions"}],"predecessor-version":[{"id":2019,"href":"https:\/\/www.r9.cz\/index.php?rest_route=\/wp\/v2\/pages\/2016\/revisions\/2019"}],"up":[{"embeddable":true,"href":"https:\/\/www.r9.cz\/index.php?rest_route=\/wp\/v2\/pages\/71"}],"wp:attachment":[{"href":"https:\/\/www.r9.cz\/index.php?rest_route=%2Fwp%2Fv2%2Fmedia&parent=2016"}],"curies":[{"name":"wp","href":"https:\/\/api.w.org\/{rel}","templated":true}]}}